{"id":21,"date":"2022-02-26T14:41:54","date_gmt":"2022-02-26T13:41:54","guid":{"rendered":"http:\/\/danielle-miliani.com\/?page_id=21"},"modified":"2026-01-25T20:04:28","modified_gmt":"2026-01-25T19:04:28","slug":"expositions","status":"publish","type":"page","link":"https:\/\/danielle-miliani.com\/index.php\/expositions\/","title":{"rendered":"Expositions"},"content":{"rendered":"\n<p>Expositions pass\u00e9es: <\/p>\n\n\n\n<ul class=\"wp-block-list\"><li>\u00ab\u00a0Printemps des Artistes\u00a0\u00bb. Sussargues. 2021<\/li><li>Salon International : \u00ab\u00a0Les Enfants du Monde\u00a0\u00bb du 12 octobre au 27 novembre 2015. Pl\u00e9iade du Golf. Cap d&rsquo;Agde<\/li><li>Arteyran les 14 15 16 novembre 2014<\/li><li>Galerie Gustave Courbet Palavas-les-flots du 26 au 30 septembre 2014<\/li><li>Salon artistique Montarn\u00e9en du 22 au 31 aout 2014. Prix de peinture de la municipalit\u00e9<\/li><li>Exposition \u00ab\u00a0Flamenco et Corrida\u00a0\u00bb. Ateliers Agora. 13430 Eygui\u00e8res<\/li><li>Les jardins du Redounel. Assas.  Mai 2014<\/li><li>58\u00e8me Salon international des arts plastiques de la ville \u00a0de B\u00e9ziers du 26 avril au 3 mai 2014<\/li><li>\u00a0\u00bb L&rsquo;humain dans tous ses \u00e9tats\u00a0\u00bb.\u00a0Exposition collective \u00e0 la Maison du Protestantisme \u00e0 N\u00eemes du 12 au 17 novembre 2013. <\/li><li>Concours des ateliers Agora du 5 au 16 novembre 2013 \u2013 Espace Ateliers Agora, 2 place Thiers, 13430\u00a0 Eygui\u00e8res<\/li><li>L&rsquo;art s&rsquo;invite \u00e0 Magrie (11300)\u00a0 &#8211;\u00a0 5 et 6 octobre 2013<\/li><li>3\u00e8me salon artistique montarn\u00e9en du 23 aout au 1er septembre 2013. Prix MONARC<\/li><li>Exposition Saint-Gely du Fesc du 7 au 14 mai 2013.\u200b Salle de la Fr\u00e9g\u00e8re<\/li><li>57<sup>\u00e8me<\/sup>\u00a0Salon des Arts Plastiques de la ville de B\u00e9ziers du 27 avril au 4 mai 2013. Mail plein Sud Espace Chapat 1 avenue du Pr\u00e9sident Wilson<\/li><li>Biennale d\u2019art contemporain\u00a0: \u00ab\u00a0Les arts en libert\u00e9\u00a0\u00bb, SERVIAN du 16 au 27\u00a0novembre 2012<\/li><li>Salon d&rsquo;Automne : \u00c9v\u00e8nement du 25 octobre 2012 au 07 novembre 2012\u00a0Port Camargue<\/li><li>2<sup>\u00e8me<\/sup>\u00a0Biennale internationale d\u2019arts contemporains. Enclave des papes.\u00a0Du 1<sup>er<\/sup>\u00a0au 16 septembre 2012 <\/li><li>16<sup>\u00e8me<\/sup>\u00a0salon international des arts plastiques tr\u00e9b\u00e9ens \u00a0du 12 au 19 Mai 2012<\/li><li>56<sup>\u00e8me<\/sup>\u00a0 salon\u00a0international de\u00a0 B\u00e9ziers, mail plein sud, du 12 au 19 mai 2012<\/li><li>Forum des arts\u00a0 Saint Gely du Fesc 2011<\/li><li>Salon europ\u00e9en d\u2019art contemporain \u00ab\u00a0Esprit des arts\u00a0\u00bb, Corum de Montpellier, du 23 au 25 avril 2010<\/li><li>Bou\u00efs art diff\u00e9rent (march\u00e9 des arts contemporains, ao\u00fbt 2009), prix de l\u2019art-vues<\/li><li>Printemps de la Domitienne (mai 2009)<\/li><li>Journ\u00e9es de l\u2019art Grabels (3 4 5 avril 2009)<\/li><li>Salon International d\u2019Arts Plastiques de Perpignan (SIAPPE 2009)<\/li><\/ul>\n\n\n\n<p><\/p>\n","protected":false},"excerpt":{"rendered":"<p>Expositions pass\u00e9es: \u00ab\u00a0Printemps des Artistes\u00a0\u00bb. Sussargues. 2021 Salon International : \u00ab\u00a0Les Enfants du Monde\u00a0\u00bb du 12 octobre au 27 novembre 2015. Pl\u00e9iade du Golf. Cap d&rsquo;Agde Arteyran les 14 15 16 novembre 2014 Galerie Gustave Courbet Palavas-les-flots du 26 au 30 septembre 2014 Salon artistique Montarn\u00e9en du 22 au 31 aout 2014. Prix de peinture [&hellip;]<\/p>\n","protected":false},"author":1,"featured_media":0,"parent":0,"menu_order":4,"comment_status":"closed","ping_status":"closed","template":"","meta":{"two_page_speed":[],"footnotes":""},"class_list":["post-21","page","type-page","status-publish","hentry"],"_links":{"self":[{"href":"https:\/\/danielle-miliani.com\/index.php\/wp-json\/wp\/v2\/pages\/21","targetHints":{"allow":["GET"]}}],"collection":[{"href":"https:\/\/danielle-miliani.com\/index.php\/wp-json\/wp\/v2\/pages"}],"about":[{"href":"https:\/\/danielle-miliani.com\/index.php\/wp-json\/wp\/v2\/types\/page"}],"author":[{"embeddable":true,"href":"https:\/\/danielle-miliani.com\/index.php\/wp-json\/wp\/v2\/users\/1"}],"replies":[{"embeddable":true,"href":"https:\/\/danielle-miliani.com\/index.php\/wp-json\/wp\/v2\/comments?post=21"}],"version-history":[{"count":5,"href":"https:\/\/danielle-miliani.com\/index.php\/wp-json\/wp\/v2\/pages\/21\/revisions"}],"predecessor-version":[{"id":412,"href":"https:\/\/danielle-miliani.com\/index.php\/wp-json\/wp\/v2\/pages\/21\/revisions\/412"}],"wp:attachment":[{"href":"https:\/\/danielle-miliani.com\/index.php\/wp-json\/wp\/v2\/media?parent=21"}],"curies":[{"name":"wp","href":"https:\/\/api.w.org\/{rel}","templated":true}]}}